{"id":1791,"date":"2023-07-25T12:19:12","date_gmt":"2023-07-25T10:19:12","guid":{"rendered":"https:\/\/cyclosdesavaloirs.fr\/?page_id=1791"},"modified":"2025-06-03T07:54:01","modified_gmt":"2025-06-03T05:54:01","slug":"pour-memoire","status":"publish","type":"page","link":"https:\/\/cyclosdesavaloirs.fr\/index.php\/pour-memoire\/","title":{"rendered":"Pour m\u00e9moire"},"content":{"rendered":"\n<p><strong>Randonn\u00e9e Alain Savary 2024<\/strong><\/p>\n\n\n\n<p>Install\u00e9e au c\u0153ur de la Foire-Expo de Pr\u00e9-en-Pail-St-Samson, au plus pr\u00e8s du bus olympique \u201cPays de la Loire\u201d, la 19\u00e8me randonn\u00e9e Alain Savary a accueilli plus de 70 participants.<\/p>\n\n\n<div class=\"wp-block-image is-style-rounded\">\n<figure class=\"aligncenter\"><img loading=\"lazy\" decoding=\"async\" width=\"640\" height=\"480\" src=\"https:\/\/cyclosdesavaloirs.fr\/wp-content\/uploads\/2024\/08\/IMG_4480.jpg\" alt=\"\" class=\"wp-image-3218\" srcset=\"https:\/\/cyclosdesavaloirs.fr\/wp-content\/uploads\/2024\/08\/IMG_4480.jpg 640w, https:\/\/cyclosdesavaloirs.fr\/wp-content\/uploads\/2024\/08\/IMG_4480-300x225.jpg 300w, https:\/\/cyclosdesavaloirs.fr\/wp-content\/uploads\/2024\/08\/IMG_4480-600x450.jpg 600w\" sizes=\"auto, (max-width: 640px) 100vw, 640px\" \/><\/figure>\n<\/div>\n\n\n<p>De plus en plus nombreux \u00e0 rejoindre le lieu de d\u00e9part \u00e0 v\u00e9lo, les randonneurs du jour adaptaient leur distance au menu propos\u00e9. Les uns s\u2019\u00e9lan\u00e7aient sur le parcours sportif de 76 kms et ses 1200 m\u00e8tres de d\u00e9nivel\u00e9, les autres choisissaient plut\u00f4t la boucle de 38 km et s\u2019en allaient sillonner les petites routes de notre campagne environnante, les autres encore, venant de plus loin, faisaient un aller-retour domicile-Pr\u00e9-en-Pail en passant par le belv\u00e9d\u00e8re des Avaloirs.<\/p>\n\n\n\n<p><strong>Nombre de participants<\/strong>\u00a0:\u00a0<strong>73<\/strong>\u00a0             \/         <strong>67 licenci\u00e9(e)s\u00a0\/\u00a006 non licenci\u00e9(e)s (06 femmes \/ 67 hommes)<\/strong><\/p>\n\n\n\n<p><strong>Clubs pr\u00e9sents<\/strong>&nbsp;:&nbsp;<strong>Cyclos d\u2019Andaine, C.C. Damigny, ES Gesvres, P\u00e9dale Horp\u00e9enne, Audax lavallois, Cyclo club Lass\u00e9en, S.O. Maine V.T.T., Cyclo club Mayenne, Orl\u00e9ans, Randonneurs du Perche, V.C. Pr\u00e9zien, Routes et Sentiers Courcit\u00e9-Averton-St Aubin*, A.C.T. Villaines-la-Juhel, Cyclo club Villaines-la-Juhel<\/strong><\/p>\n\n\n\n<p>*&nbsp;<strong>Le club \u201cRoutes et Sentiers Courcit\u00e9-Averton-St Aubin\u201d et ses 11 participants (28 % des effectifs du club) remporte le challenge Alain Savary 2024.<\/strong><\/p>\n\n\n<div class=\"wp-block-image is-style-rounded\">\n<figure class=\"aligncenter\"><img loading=\"lazy\" decoding=\"async\" width=\"640\" height=\"480\" src=\"https:\/\/cyclosdesavaloirs.fr\/wp-content\/uploads\/2024\/08\/IMG_4484-1.jpg\" alt=\"\" class=\"wp-image-3219\" srcset=\"https:\/\/cyclosdesavaloirs.fr\/wp-content\/uploads\/2024\/08\/IMG_4484-1.jpg 640w, https:\/\/cyclosdesavaloirs.fr\/wp-content\/uploads\/2024\/08\/IMG_4484-1-300x225.jpg 300w, https:\/\/cyclosdesavaloirs.fr\/wp-content\/uploads\/2024\/08\/IMG_4484-1-600x450.jpg 600w\" sizes=\"auto, (max-width: 640px) 100vw, 640px\" \/><\/figure>\n<\/div>\n\n\n<p>A tous les clubs de cyclotourisme pr\u00e9sents, \u00e0 tous les adeptes du v\u00e9lo, licenci\u00e9s ou non, \u00e0 la famille et aux amis d\u2019Alain Savary, &nbsp;aux organisateurs et b\u00e9n\u00e9voles de la Foire-Expo de Pr\u00e9-en-Pail St Samson, \u00e0 la municipalit\u00e9 de Pr\u00e9-en-Pail, au pr\u00e9sident du CODEP53, aux b\u00e9n\u00e9voles de notre section,&nbsp;<strong>MERCI<\/strong>&nbsp;d\u2019avoir contribu\u00e9 \u00e0 la r\u00e9ussite de notre randonn\u00e9e.<\/p>\n\n\n\n<p><strong>Randonn\u00e9e Alain Savary 2023<\/strong><\/p>\n\n\n\n<p>En ce dimanche 27 ao\u00fbt 2023, dans la fraicheur du matin, nich\u00e9e au c\u0153ur de la Foire-Expo de Pr\u00e9-en-Pail-St-Samson, la randonn\u00e9e Alain Savary a accueilli plus de 70 participants. Les uns, cyclos chevronn\u00e9s, n\u2019ont pas h\u00e9sit\u00e9 une seconde pour s\u2019\u00e9lancer sur la boucle du Parc et ses 87 kilom\u00e8tres de petites routes pittoresques. Les autres, plus mesur\u00e9s dans leur choix de distance ou \u00e9prouvant le besoin de r\u00e9cup\u00e9rer \u00e0 l\u2019issue de leur Paris-Brest-Paris (11 participants au PBP 2023 \u00e9taient pr\u00e9sents) s\u2019en allaient d\u00e9couvrir le calme et la beaut\u00e9 des paysages composant la boucle des Massifs et ses 49 kilom\u00e8tres. Enfin, plus d\u2019une dizaine d\u2019occasionnels, comme pour prolonger la saveur des balades d\u2019\u00e9t\u00e9, se sont retrouv\u00e9s pour parcourir dans un joli m\u00e9lange des g\u00e9n\u00e9rations la boucle des Sources et ses 27 kilom\u00e8tres. Malgr\u00e9 la brume matinale et le temps humide, les diff\u00e9rents participants sont pass\u00e9s au travers des averses et ont appr\u00e9ci\u00e9 l\u2019originalit\u00e9 des trac\u00e9s propos\u00e9s, souvent compos\u00e9s de petites routes \u201cornaises\u201d inconnues de beaucoup d\u2019entre eux.<\/p>\n\n\n\n<p>A tous les clubs de cyclotourisme pr\u00e9sents, \u00e0 tou(te)s les adeptes du v\u00e9lo, licenci\u00e9(e)s ou non, \u00e0 la famille et aux amis d\u2019Alain Savary, aux b\u00e9n\u00e9voles de notre section,&nbsp;<strong>MERCI<\/strong>&nbsp;d\u2019avoir contribu\u00e9 \u00e0 la r\u00e9ussite de notre randonn\u00e9e.<\/p>\n\n\n\n<p><strong>Quelques chiffres<\/strong><\/p>\n\n\n\n<figure class=\"wp-block-table\"><table class=\"has-fixed-layout\"><tbody><tr><td><strong>Boucle du Parc<\/strong><\/td><td><strong>Boucle des Massifs<\/strong><\/td><td><strong>Boucle des Sources<\/strong><\/td><td><strong>Total<\/strong><\/td><\/tr><tr><td><strong>38<\/strong><\/td><td><strong>21<\/strong><\/td><td><strong>14<\/strong><\/td><td><strong>73<\/strong><\/td><\/tr><\/tbody><\/table><\/figure>\n\n\n\n<p><strong>nombre de participants<\/strong>&nbsp;:<\/p>\n\n\n\n<p><strong>60 licenci\u00e9(e)s<\/strong>&nbsp;\/&nbsp;<strong>13 non licenci\u00e9(e)s<\/strong><\/p>\n\n\n\n<p><strong>Pr\u00e9sences f\u00e9minine 10 \/ masculine 63<\/strong><\/p>\n\n\n\n<p><strong>Clubs pr\u00e9sents<\/strong>&nbsp;:<\/p>\n\n\n\n<p><strong>ES Champfleur, US Chang\u00e9 53, ASL Cond\u00e9 sur Sarthe V\u00e9lo, Routes et Sentiers Courcit\u00e9-Averton-St Aubin, Cyclo club Ern\u00e9en, U.V. Fresnoise, ES Gesvres, P\u00e9dale Horp\u00e9enne, Cyclo club Mayenne, Rayons d\u2019Ecouves, Cyclo club Villaines *, Les Rayons Vaigeois, Le Mans Triathlon\u2026<\/strong><\/p>\n\n\n\n<p>*&nbsp;<strong>Le Cyclo club Villainais et ses 17 participants (29 % des effectifs du club) remporte le challenge Alain Savary 2023<\/strong>.<\/p>\n\n\n<div class=\"wp-block-image is-style-rounded\">\n<figure class=\"aligncenter\"><img loading=\"lazy\" decoding=\"async\" width=\"600\" height=\"300\" src=\"https:\/\/cyclosdesavaloirs.fr\/wp-content\/uploads\/2023\/08\/image-17.png\" alt=\"\" class=\"wp-image-1943\" srcset=\"https:\/\/cyclosdesavaloirs.fr\/wp-content\/uploads\/2023\/08\/image-17.png 600w, https:\/\/cyclosdesavaloirs.fr\/wp-content\/uploads\/2023\/08\/image-17-300x150.png 300w\" sizes=\"auto, (max-width: 600px) 100vw, 600px\" \/><figcaption class=\"wp-element-caption\">La Rando A. Savry s\u2019invite \u00e0 la Foire-Expo<\/figcaption><\/figure>\n<\/div>\n\n\n<figure class=\"wp-block-image is-style-rounded\"><img loading=\"lazy\" decoding=\"async\" width=\"1024\" height=\"529\" src=\"https:\/\/cyclosdesavaloirs.fr\/wp-content\/uploads\/2023\/08\/image-19.png\" alt=\"\" class=\"wp-image-1945\" srcset=\"https:\/\/cyclosdesavaloirs.fr\/wp-content\/uploads\/2023\/08\/image-19.png 1024w, https:\/\/cyclosdesavaloirs.fr\/wp-content\/uploads\/2023\/08\/image-19-300x155.png 300w, https:\/\/cyclosdesavaloirs.fr\/wp-content\/uploads\/2023\/08\/image-19-768x397.png 768w\" sizes=\"auto, (max-width: 1024px) 100vw, 1024px\" \/><figcaption class=\"wp-element-caption\">Ch\u00e2teau de Bauvain, aper\u00e7u sur les Boucles du Parc et des Massifs<\/figcaption><\/figure>\n\n\n\n<figure class=\"wp-block-image is-style-rounded\"><img loading=\"lazy\" decoding=\"async\" width=\"1000\" height=\"370\" src=\"https:\/\/cyclosdesavaloirs.fr\/wp-content\/uploads\/2023\/08\/image-20.png\" alt=\"\" class=\"wp-image-1946\" srcset=\"https:\/\/cyclosdesavaloirs.fr\/wp-content\/uploads\/2023\/08\/image-20.png 1000w, https:\/\/cyclosdesavaloirs.fr\/wp-content\/uploads\/2023\/08\/image-20-300x111.png 300w, https:\/\/cyclosdesavaloirs.fr\/wp-content\/uploads\/2023\/08\/image-20-768x284.png 768w\" sizes=\"auto, (max-width: 1000px) 100vw, 1000px\" \/><figcaption class=\"wp-element-caption\">Fraicheur du matin !<\/figcaption><\/figure>\n\n\n\n<figure class=\"wp-block-image is-style-rounded\"><img loading=\"lazy\" decoding=\"async\" width=\"1024\" height=\"315\" src=\"https:\/\/cyclosdesavaloirs.fr\/wp-content\/uploads\/2023\/08\/image-21-1024x315.png\" alt=\"\" class=\"wp-image-1947\" srcset=\"https:\/\/cyclosdesavaloirs.fr\/wp-content\/uploads\/2023\/08\/image-21-1024x315.png 1024w, https:\/\/cyclosdesavaloirs.fr\/wp-content\/uploads\/2023\/08\/image-21-300x92.png 300w, https:\/\/cyclosdesavaloirs.fr\/wp-content\/uploads\/2023\/08\/image-21-768x236.png 768w, https:\/\/cyclosdesavaloirs.fr\/wp-content\/uploads\/2023\/08\/image-21-1536x472.png 1536w, https:\/\/cyclosdesavaloirs.fr\/wp-content\/uploads\/2023\/08\/image-21.png 1920w\" sizes=\"auto, (max-width: 1024px) 100vw, 1024px\" \/><figcaption class=\"wp-element-caption\">A l\u2019ann\u00e9e prochaine !<\/figcaption><\/figure>\n\n\n\n<p><strong>Randonn\u00e9e Alain Savary 2022<\/strong><\/p>\n\n\n\n<p>Sourires radieux et sentiments de fiert\u00e9 semblaient se lire sur les visages des Cyclos des Avaloirs \u00e0 l\u2019issue de la randonn\u00e9e Alain Savary. Pr\u00e8s d\u2019une centaine de cyclotouristes avaient r\u00e9pondu pr\u00e9sents \u00e0 l\u2019invitation de la Section, les uns souhaitant se mesurer \u00e0 la Sportive et ses 1600 m\u00e8tres de d\u00e9nivel\u00e9, les autres pr\u00e9f\u00e9rant les paysages vari\u00e9s de la Touristique. Telles les paroles du premier arrivant de la Sportive,&nbsp;<em>\u00ab&nbsp;le menu \u00e9tait copieux&nbsp;\u00bb,&nbsp;<\/em>les adeptes des bosses n\u2019ont pas \u00e9t\u00e9 d\u00e9\u00e7us et se sont crus \u00e0 certains moments comme propuls\u00e9s&nbsp;<em>\u00ab&nbsp;dans les montagnes savoyardes&nbsp;\u00bb<\/em>. La possibilit\u00e9 d\u2019emprunter de nouvelles routes inconnues&nbsp;<em>\u00ab&nbsp;jusqu\u2019alors&nbsp;\u00bb<\/em>&nbsp;a permis aux adeptes de la Touristique de go\u00fbter au plaisir de d\u00e9couvrir des paysages \u00e0 certains endroits, \u00ab&nbsp;<em>dignes du pays jurassien<\/em>\u00ab&nbsp;. La Familiale, quant \u00e0 elle, invitant les Pr\u00e9ziens \u00e0 venir envahir la voie verte, a r\u00e9alis\u00e9 des d\u00e9buts timides sans \u00f4ter pour autant \u00e0 ses organisateurs l\u2019envie de poursuivre la r\u00e9flexion sur le d\u00e9veloppement du concept.<\/p>\n\n\n\n<p>A tous les clubs de cyclotourisme pr\u00e9sents, \u00e0 tou(te)s les passionn\u00e9(e)s du v\u00e9lo, licenci\u00e9(e)s ou non, \u00e0 nos partenaires institutionnels et commerciaux, \u00e0 nos associations locales pr\u00e9sentes, \u00e0 la famille et aux amis d\u2019Alain Savary, aux b\u00e9n\u00e9voles de notre section,&nbsp;<strong>MERCI<\/strong>&nbsp;d\u2019avoir contribu\u00e9 \u00e0 la r\u00e9ussite de notre randonn\u00e9e.<\/p>\n\n\n\n<p><strong>Quelques chiffres<\/strong><\/p>\n\n\n\n<figure class=\"wp-block-table\"><table><tbody><tr><td><strong>La Touristique<\/strong><\/td><td><strong>La Sportive<\/strong><\/td><td><strong>La Familiale<\/strong><\/td><td><strong>Total<\/strong><\/td><\/tr><tr><td><strong>63<\/strong><\/td><td><strong>33<\/strong><\/td><td><strong>13<\/strong><\/td><td><strong>109<\/strong><\/td><\/tr><\/tbody><\/table><\/figure>\n\n\n\n<p><strong>nombre de participants<\/strong> :<\/p>\n\n\n\n<div class=\"wp-block-group\"><div class=\"wp-block-group__inner-container is-layout-constrained wp-block-group-is-layout-constrained\">\n<div class=\"wp-block-group is-nowrap is-layout-flex wp-container-core-group-is-layout-ad2f72ca wp-block-group-is-layout-flex\">\n<p><strong>73 licenci\u00e9(e)s<\/strong>&nbsp;\/&nbsp;<strong>36 non licenci\u00e9(e)s<\/strong><\/p>\n\n\n\n<p>             <strong>pr\u00e9sence f\u00e9minine 18 \/ masculine 91<\/strong><\/p>\n<\/div>\n<\/div><\/div>\n\n\n\n<p><strong>Les clubs pr\u00e9sents<\/strong> :<\/p>\n\n\n\n<p><strong>ASPTT Alen\u00e7on, ASL Cond\u00e9 sur Sarthe V\u00e9lo, Routes et Sentiers Courcit\u00e9-Averton-St Aubin, Cyclo club Ern\u00e9en, Cyclos du Pays Fertois, U.V. Fresnoise, P\u00e9dale Horp\u00e9enne, Audax Lavallois, Cyclo club Lass\u00e9en, Cyclo club Mayenne*, Orne FFCT, Cyclo club Villaines, Les Rayons Vaigeois\u2026<\/strong><\/p>\n\n\n\n<p>*&nbsp;<strong>Le Cyclo club Mayenne et ses 31 participants remporte le challenge Alain Savary 2022<\/strong><\/p>\n\n\n\n<p><strong>Quelques photos souvenirs<\/strong><\/p>\n\n\n<div class=\"wp-block-image is-style-rounded\">\n<figure class=\"aligncenter\"><img loading=\"lazy\" decoding=\"async\" width=\"320\" height=\"450\" src=\"https:\/\/cyclosdesavaloirs.fr\/wp-content\/uploads\/2022\/08\/IMG_2114-320x450.jpg\" alt=\"\" class=\"wp-image-966\"\/><figcaption class=\"wp-element-caption\"><strong>C\u2019est l\u2019heure des inscriptions et du choix de la boucle&nbsp;<\/strong><em>:\u201d On l\u2019a fait ou pas, la Sportive ?\u201d<\/em><\/figcaption><\/figure>\n<\/div>\n\n<div class=\"wp-block-image is-style-rounded\">\n<figure class=\"aligncenter\"><img loading=\"lazy\" decoding=\"async\" width=\"320\" height=\"450\" src=\"https:\/\/cyclosdesavaloirs.fr\/wp-content\/uploads\/2022\/08\/IMG_2116-320x450.jpg\" alt=\"\" class=\"wp-image-967\"\/><figcaption class=\"wp-element-caption\"><strong>Rendez-vous sur la ligne de d\u00e9part !<\/strong><\/figcaption><\/figure>\n<\/div>\n\n<div class=\"wp-block-image is-style-rounded\">\n<figure class=\"aligncenter\"><img loading=\"lazy\" decoding=\"async\" width=\"1024\" height=\"768\" src=\"https:\/\/cyclosdesavaloirs.fr\/wp-content\/uploads\/2022\/08\/IMG_2084-1024x768.jpg\" alt=\"\" class=\"wp-image-968\" srcset=\"https:\/\/cyclosdesavaloirs.fr\/wp-content\/uploads\/2022\/08\/IMG_2084-1024x768.jpg 1024w, https:\/\/cyclosdesavaloirs.fr\/wp-content\/uploads\/2022\/08\/IMG_2084-300x225.jpg 300w, https:\/\/cyclosdesavaloirs.fr\/wp-content\/uploads\/2022\/08\/IMG_2084-768x576.jpg 768w, https:\/\/cyclosdesavaloirs.fr\/wp-content\/uploads\/2022\/08\/IMG_2084-1536x1152.jpg 1536w, https:\/\/cyclosdesavaloirs.fr\/wp-content\/uploads\/2022\/08\/IMG_2084-2048x1536.jpg 2048w, https:\/\/cyclosdesavaloirs.fr\/wp-content\/uploads\/2022\/08\/IMG_2084-600x450.jpg 600w\" sizes=\"auto, (max-width: 1024px) 100vw, 1024px\" \/><figcaption class=\"wp-element-caption\"><strong>Voire sur la grille de d\u00e9part\u2026<\/strong><\/figcaption><\/figure>\n<\/div>\n\n<div class=\"wp-block-image is-style-rounded\">\n<figure class=\"aligncenter\"><img loading=\"lazy\" decoding=\"async\" width=\"320\" height=\"450\" src=\"https:\/\/cyclosdesavaloirs.fr\/wp-content\/uploads\/2022\/08\/IMG_2115-320x450.jpg\" alt=\"\" class=\"wp-image-969\"\/><\/figure>\n<\/div>\n\n<div class=\"wp-block-image is-style-rounded\">\n<figure class=\"aligncenter\"><img loading=\"lazy\" decoding=\"async\" width=\"1024\" height=\"768\" src=\"https:\/\/cyclosdesavaloirs.fr\/wp-content\/uploads\/2022\/08\/IMG_2081-1024x768.jpg\" alt=\"\" class=\"wp-image-972\" srcset=\"https:\/\/cyclosdesavaloirs.fr\/wp-content\/uploads\/2022\/08\/IMG_2081-1024x768.jpg 1024w, https:\/\/cyclosdesavaloirs.fr\/wp-content\/uploads\/2022\/08\/IMG_2081-300x225.jpg 300w, https:\/\/cyclosdesavaloirs.fr\/wp-content\/uploads\/2022\/08\/IMG_2081-768x576.jpg 768w, https:\/\/cyclosdesavaloirs.fr\/wp-content\/uploads\/2022\/08\/IMG_2081-1536x1152.jpg 1536w, https:\/\/cyclosdesavaloirs.fr\/wp-content\/uploads\/2022\/08\/IMG_2081-2048x1536.jpg 2048w, https:\/\/cyclosdesavaloirs.fr\/wp-content\/uploads\/2022\/08\/IMG_2081-600x450.jpg 600w\" sizes=\"auto, (max-width: 1024px) 100vw, 1024px\" \/><figcaption class=\"wp-element-caption\"><strong>A l\u2019aventure !<\/strong><\/figcaption><\/figure>\n<\/div>\n\n<div class=\"wp-block-image is-style-rounded\">\n<figure class=\"aligncenter\"><img loading=\"lazy\" decoding=\"async\" width=\"600\" height=\"450\" src=\"https:\/\/cyclosdesavaloirs.fr\/wp-content\/uploads\/2022\/08\/IMG_2120-600x450.jpg\" alt=\"\" class=\"wp-image-974\"\/><\/figure>\n<\/div>\n\n<div class=\"wp-block-image is-style-rounded\">\n<figure class=\"aligncenter\"><img loading=\"lazy\" decoding=\"async\" width=\"600\" height=\"450\" src=\"https:\/\/cyclosdesavaloirs.fr\/wp-content\/uploads\/2022\/08\/IMG_2121-600x450.jpg\" alt=\"\" class=\"wp-image-973\"\/><figcaption class=\"wp-element-caption\"><strong>Stop ravitaillement : l\u2019heure de la pause a sonn\u00e9.<\/strong><\/figcaption><\/figure>\n<\/div>\n\n<div class=\"wp-block-image\">\n<figure class=\"aligncenter\"><img loading=\"lazy\" decoding=\"async\" width=\"180\" height=\"240\" src=\"https:\/\/cyclosdesavaloirs.fr\/wp-content\/uploads\/2022\/08\/IMG_2100.jpg\" alt=\"\" class=\"wp-image-975\"\/><figcaption class=\"wp-element-caption\"><strong>Retour \u00e0 l\u2019\u00e9curie\u2026<\/strong><\/figcaption><\/figure>\n<\/div>\n\n<div class=\"wp-block-image\">\n<figure class=\"aligncenter\"><img loading=\"lazy\" decoding=\"async\" width=\"180\" height=\"240\" src=\"https:\/\/cyclosdesavaloirs.fr\/wp-content\/uploads\/2022\/08\/IMG_2102.jpg\" alt=\"\" class=\"wp-image-976\"\/><\/figure>\n<\/div>\n\n<div class=\"wp-block-image\">\n<figure class=\"aligncenter\"><img loading=\"lazy\" decoding=\"async\" width=\"180\" height=\"240\" src=\"https:\/\/cyclosdesavaloirs.fr\/wp-content\/uploads\/2022\/08\/IMG_2099.jpg\" alt=\"\" class=\"wp-image-977\"\/><\/figure>\n<\/div>\n\n<div class=\"wp-block-image\">\n<figure class=\"aligncenter\"><img loading=\"lazy\" decoding=\"async\" width=\"240\" height=\"320\" src=\"https:\/\/cyclosdesavaloirs.fr\/wp-content\/uploads\/2022\/08\/IMG_2094.jpg\" alt=\"\" class=\"wp-image-978\" srcset=\"https:\/\/cyclosdesavaloirs.fr\/wp-content\/uploads\/2022\/08\/IMG_2094.jpg 240w, https:\/\/cyclosdesavaloirs.fr\/wp-content\/uploads\/2022\/08\/IMG_2094-225x300.jpg 225w\" sizes=\"auto, (max-width: 240px) 100vw, 240px\" \/><figcaption class=\"wp-element-caption\"><strong>Apr\u00e8s l\u2019effort, place \u00e0 la r\u00e9cup\u00e9ration\u2026<\/strong><\/figcaption><\/figure>\n<\/div>\n\n<div class=\"wp-block-image\">\n<figure class=\"aligncenter\"><img loading=\"lazy\" decoding=\"async\" width=\"360\" height=\"480\" src=\"https:\/\/cyclosdesavaloirs.fr\/wp-content\/uploads\/2022\/08\/IMG_2112.jpg\" alt=\"\" class=\"wp-image-980\" srcset=\"https:\/\/cyclosdesavaloirs.fr\/wp-content\/uploads\/2022\/08\/IMG_2112.jpg 360w, https:\/\/cyclosdesavaloirs.fr\/wp-content\/uploads\/2022\/08\/IMG_2112-225x300.jpg 225w\" sizes=\"auto, (max-width: 360px) 100vw, 360px\" \/><\/figure>\n<\/div>\n\n<div class=\"wp-block-image\">\n<figure class=\"aligncenter\"><img loading=\"lazy\" decoding=\"async\" width=\"240\" height=\"320\" src=\"https:\/\/cyclosdesavaloirs.fr\/wp-content\/uploads\/2022\/08\/IMG_2104.jpg\" alt=\"\" class=\"wp-image-981\" srcset=\"https:\/\/cyclosdesavaloirs.fr\/wp-content\/uploads\/2022\/08\/IMG_2104.jpg 240w, https:\/\/cyclosdesavaloirs.fr\/wp-content\/uploads\/2022\/08\/IMG_2104-225x300.jpg 225w\" sizes=\"auto, (max-width: 240px) 100vw, 240px\" \/><\/figure>\n<\/div>\n\n<div class=\"wp-block-image\">\n<figure class=\"aligncenter\"><img loading=\"lazy\" decoding=\"async\" width=\"180\" height=\"240\" src=\"https:\/\/cyclosdesavaloirs.fr\/wp-content\/uploads\/2022\/08\/IMG_2103.jpg\" alt=\"\" class=\"wp-image-982\"\/><\/figure>\n<\/div>\n\n<div class=\"wp-block-image\">\n<figure class=\"aligncenter\"><img loading=\"lazy\" decoding=\"async\" width=\"240\" height=\"320\" src=\"https:\/\/cyclosdesavaloirs.fr\/wp-content\/uploads\/2022\/08\/IMG_2109.jpg\" alt=\"\" class=\"wp-image-992\" srcset=\"https:\/\/cyclosdesavaloirs.fr\/wp-content\/uploads\/2022\/08\/IMG_2109.jpg 240w, https:\/\/cyclosdesavaloirs.fr\/wp-content\/uploads\/2022\/08\/IMG_2109-225x300.jpg 225w\" sizes=\"auto, (max-width: 240px) 100vw, 240px\" \/><\/figure>\n<\/div>\n\n<div class=\"wp-block-image\">\n<figure class=\"aligncenter\"><img loading=\"lazy\" decoding=\"async\" width=\"360\" height=\"480\" src=\"https:\/\/cyclosdesavaloirs.fr\/wp-content\/uploads\/2022\/08\/IMG_2087.jpg\" alt=\"\" class=\"wp-image-983\" srcset=\"https:\/\/cyclosdesavaloirs.fr\/wp-content\/uploads\/2022\/08\/IMG_2087.jpg 360w, https:\/\/cyclosdesavaloirs.fr\/wp-content\/uploads\/2022\/08\/IMG_2087-225x300.jpg 225w\" sizes=\"auto, (max-width: 360px) 100vw, 360px\" \/><figcaption class=\"wp-element-caption\"><strong>Et aux r\u00e9compenses !<\/strong><\/figcaption><\/figure>\n<\/div>\n\n<div class=\"wp-block-image\">\n<figure class=\"aligncenter\"><img loading=\"lazy\" decoding=\"async\" width=\"360\" height=\"480\" src=\"https:\/\/cyclosdesavaloirs.fr\/wp-content\/uploads\/2022\/08\/IMG_2088.jpg\" alt=\"\" class=\"wp-image-984\" srcset=\"https:\/\/cyclosdesavaloirs.fr\/wp-content\/uploads\/2022\/08\/IMG_2088.jpg 360w, https:\/\/cyclosdesavaloirs.fr\/wp-content\/uploads\/2022\/08\/IMG_2088-225x300.jpg 225w\" sizes=\"auto, (max-width: 360px) 100vw, 360px\" \/><\/figure>\n<\/div>\n\n<div class=\"wp-block-image\">\n<figure class=\"aligncenter\"><img loading=\"lazy\" decoding=\"async\" width=\"360\" height=\"480\" src=\"https:\/\/cyclosdesavaloirs.fr\/wp-content\/uploads\/2022\/08\/IMG_2090.jpg\" alt=\"\" class=\"wp-image-985\" srcset=\"https:\/\/cyclosdesavaloirs.fr\/wp-content\/uploads\/2022\/08\/IMG_2090.jpg 360w, https:\/\/cyclosdesavaloirs.fr\/wp-content\/uploads\/2022\/08\/IMG_2090-225x300.jpg 225w\" sizes=\"auto, (max-width: 360px) 100vw, 360px\" \/><\/figure>\n<\/div>\n\n<div class=\"wp-block-image\">\n<figure class=\"aligncenter\"><img loading=\"lazy\" decoding=\"async\" width=\"240\" height=\"320\" src=\"https:\/\/cyclosdesavaloirs.fr\/wp-content\/uploads\/2022\/08\/IMG_2091.jpg\" alt=\"\" class=\"wp-image-986\" srcset=\"https:\/\/cyclosdesavaloirs.fr\/wp-content\/uploads\/2022\/08\/IMG_2091.jpg 240w, https:\/\/cyclosdesavaloirs.fr\/wp-content\/uploads\/2022\/08\/IMG_2091-225x300.jpg 225w\" sizes=\"auto, (max-width: 240px) 100vw, 240px\" \/><\/figure>\n<\/div>\n\n<div class=\"wp-block-image\">\n<figure class=\"aligncenter\"><img loading=\"lazy\" decoding=\"async\" width=\"240\" height=\"320\" src=\"https:\/\/cyclosdesavaloirs.fr\/wp-content\/uploads\/2022\/08\/IMG_2108.jpg\" alt=\"\" class=\"wp-image-987\" srcset=\"https:\/\/cyclosdesavaloirs.fr\/wp-content\/uploads\/2022\/08\/IMG_2108.jpg 240w, https:\/\/cyclosdesavaloirs.fr\/wp-content\/uploads\/2022\/08\/IMG_2108-225x300.jpg 225w\" sizes=\"auto, (max-width: 240px) 100vw, 240px\" \/><\/figure>\n<\/div>\n\n<div class=\"wp-block-image\">\n<figure class=\"aligncenter\"><img loading=\"lazy\" decoding=\"async\" width=\"480\" height=\"360\" src=\"https:\/\/cyclosdesavaloirs.fr\/wp-content\/uploads\/2022\/08\/IMG_2086-1.jpg\" alt=\"\" class=\"wp-image-990\" srcset=\"https:\/\/cyclosdesavaloirs.fr\/wp-content\/uploads\/2022\/08\/IMG_2086-1.jpg 480w, https:\/\/cyclosdesavaloirs.fr\/wp-content\/uploads\/2022\/08\/IMG_2086-1-300x225.jpg 300w\" sizes=\"auto, (max-width: 480px) 100vw, 480px\" \/><figcaption class=\"wp-element-caption\"><strong>Bravo \u00e0 tous les participants et merci \u00e0 nos b\u00e9n\u00e9voles !<\/strong><\/figcaption><\/figure>\n<\/div>\n\n<div class=\"wp-block-image\">\n<figure class=\"aligncenter\"><img loading=\"lazy\" decoding=\"async\" width=\"640\" height=\"320\" src=\"https:\/\/cyclosdesavaloirs.fr\/wp-content\/uploads\/2022\/08\/IMG_2117.jpg\" alt=\"\" class=\"wp-image-989\" srcset=\"https:\/\/cyclosdesavaloirs.fr\/wp-content\/uploads\/2022\/08\/IMG_2117.jpg 640w, https:\/\/cyclosdesavaloirs.fr\/wp-content\/uploads\/2022\/08\/IMG_2117-300x150.jpg 300w\" sizes=\"auto, (max-width: 640px) 100vw, 640px\" \/><figcaption class=\"wp-element-caption\"><br><strong>A l\u2019ann\u00e9e prochaine : rendez-vous le 27 ao\u00fbt 2023 !<\/strong><\/figcaption><\/figure>\n<\/div>","protected":false},"excerpt":{"rendered":"<p>Randonn\u00e9e Alain Savary 2024 Install\u00e9e au c\u0153ur de la Foire-Expo de Pr\u00e9-en-Pail-St-Samson, au plus pr\u00e8s du bus olympique \u201cPays de la Loire\u201d, la 19\u00e8me randonn\u00e9e<\/p>\n","protected":false},"author":1,"featured_media":0,"parent":0,"menu_order":0,"comment_status":"closed","ping_status":"closed","template":"","meta":{"footnotes":""},"class_list":["post-1791","page","type-page","status-publish","hentry","comments-off"],"yoast_head":"<!-- This site is optimized with the Yoast SEO plugin v27.4 - https:\/\/yoast.com\/product\/yoast-seo-wordpress\/ -->\n<title>Pour m\u00e9moire - CYCLOS DES AVALOIRS<\/title>\n<meta name=\"robots\" content=\"index, follow, max-snippet:-1, max-image-preview:large, max-video-preview:-1\" \/>\n<link rel=\"canonical\" href=\"https:\/\/cyclosdesavaloirs.fr\/index.php\/pour-memoire\/\" \/>\n<meta property=\"og:locale\" content=\"en_US\" \/>\n<meta property=\"og:type\" content=\"article\" \/>\n<meta property=\"og:title\" content=\"Pour m\u00e9moire - CYCLOS DES AVALOIRS\" \/>\n<meta property=\"og:description\" content=\"Randonn\u00e9e Alain Savary 2024 Install\u00e9e au c\u0153ur de la Foire-Expo de Pr\u00e9-en-Pail-St-Samson, au plus pr\u00e8s du bus olympique \u201cPays de la Loire\u201d, la 19\u00e8me randonn\u00e9e\" \/>\n<meta property=\"og:url\" content=\"https:\/\/cyclosdesavaloirs.fr\/index.php\/pour-memoire\/\" \/>\n<meta property=\"og:site_name\" content=\"CYCLOS DES AVALOIRS\" \/>\n<meta property=\"article:publisher\" content=\"https:\/\/www.facebook.com\/Cyclos-des-Avaloirs-108867535260146\" \/>\n<meta property=\"article:modified_time\" content=\"2025-06-03T05:54:01+00:00\" \/>\n<meta property=\"og:image\" content=\"https:\/\/cyclosdesavaloirs.fr\/wp-content\/uploads\/2024\/08\/IMG_4480.jpg\" \/>\n<meta name=\"twitter:card\" content=\"summary_large_image\" \/>\n<meta name=\"twitter:label1\" content=\"Est. reading time\" \/>\n\t<meta name=\"twitter:data1\" content=\"10 minutes\" \/>\n<script type=\"application\/ld+json\" class=\"yoast-schema-graph\">{\"@context\":\"https:\\\/\\\/schema.org\",\"@graph\":[{\"@type\":\"WebPage\",\"@id\":\"https:\\\/\\\/cyclosdesavaloirs.fr\\\/index.php\\\/pour-memoire\\\/\",\"url\":\"https:\\\/\\\/cyclosdesavaloirs.fr\\\/index.php\\\/pour-memoire\\\/\",\"name\":\"Pour m\u00e9moire - CYCLOS DES AVALOIRS\",\"isPartOf\":{\"@id\":\"https:\\\/\\\/cyclosdesavaloirs.fr\\\/#website\"},\"primaryImageOfPage\":{\"@id\":\"https:\\\/\\\/cyclosdesavaloirs.fr\\\/index.php\\\/pour-memoire\\\/#primaryimage\"},\"image\":{\"@id\":\"https:\\\/\\\/cyclosdesavaloirs.fr\\\/index.php\\\/pour-memoire\\\/#primaryimage\"},\"thumbnailUrl\":\"https:\\\/\\\/cyclosdesavaloirs.fr\\\/wp-content\\\/uploads\\\/2024\\\/08\\\/IMG_4480.jpg\",\"datePublished\":\"2023-07-25T10:19:12+00:00\",\"dateModified\":\"2025-06-03T05:54:01+00:00\",\"breadcrumb\":{\"@id\":\"https:\\\/\\\/cyclosdesavaloirs.fr\\\/index.php\\\/pour-memoire\\\/#breadcrumb\"},\"inLanguage\":\"en-US\",\"potentialAction\":[{\"@type\":\"ReadAction\",\"target\":[\"https:\\\/\\\/cyclosdesavaloirs.fr\\\/index.php\\\/pour-memoire\\\/\"]}]},{\"@type\":\"ImageObject\",\"inLanguage\":\"en-US\",\"@id\":\"https:\\\/\\\/cyclosdesavaloirs.fr\\\/index.php\\\/pour-memoire\\\/#primaryimage\",\"url\":\"https:\\\/\\\/cyclosdesavaloirs.fr\\\/wp-content\\\/uploads\\\/2024\\\/08\\\/IMG_4480.jpg\",\"contentUrl\":\"https:\\\/\\\/cyclosdesavaloirs.fr\\\/wp-content\\\/uploads\\\/2024\\\/08\\\/IMG_4480.jpg\",\"width\":640,\"height\":480},{\"@type\":\"BreadcrumbList\",\"@id\":\"https:\\\/\\\/cyclosdesavaloirs.fr\\\/index.php\\\/pour-memoire\\\/#breadcrumb\",\"itemListElement\":[{\"@type\":\"ListItem\",\"position\":1,\"name\":\"Accueil\",\"item\":\"https:\\\/\\\/cyclosdesavaloirs.fr\\\/\"},{\"@type\":\"ListItem\",\"position\":2,\"name\":\"Pour m\u00e9moire\"}]},{\"@type\":\"WebSite\",\"@id\":\"https:\\\/\\\/cyclosdesavaloirs.fr\\\/#website\",\"url\":\"https:\\\/\\\/cyclosdesavaloirs.fr\\\/\",\"name\":\"CYCLOS DES AVALOIRS\",\"description\":\"A v\u00e9lo, tout est plus beau et \u00e0 plusieurs, c&#039;est encore meilleur !\",\"publisher\":{\"@id\":\"https:\\\/\\\/cyclosdesavaloirs.fr\\\/#organization\"},\"potentialAction\":[{\"@type\":\"SearchAction\",\"target\":{\"@type\":\"EntryPoint\",\"urlTemplate\":\"https:\\\/\\\/cyclosdesavaloirs.fr\\\/?s={search_term_string}\"},\"query-input\":{\"@type\":\"PropertyValueSpecification\",\"valueRequired\":true,\"valueName\":\"search_term_string\"}}],\"inLanguage\":\"en-US\"},{\"@type\":\"Organization\",\"@id\":\"https:\\\/\\\/cyclosdesavaloirs.fr\\\/#organization\",\"name\":\"CYCLOS DES AVALOIRS\",\"url\":\"https:\\\/\\\/cyclosdesavaloirs.fr\\\/\",\"logo\":{\"@type\":\"ImageObject\",\"inLanguage\":\"en-US\",\"@id\":\"https:\\\/\\\/cyclosdesavaloirs.fr\\\/#\\\/schema\\\/logo\\\/image\\\/\",\"url\":\"https:\\\/\\\/cyclosdesavaloirs.fr\\\/wp-content\\\/uploads\\\/2022\\\/06\\\/cropped-cropped-cropped-cropped-LOGO_CYLCOS-1.png\",\"contentUrl\":\"https:\\\/\\\/cyclosdesavaloirs.fr\\\/wp-content\\\/uploads\\\/2022\\\/06\\\/cropped-cropped-cropped-cropped-LOGO_CYLCOS-1.png\",\"width\":240,\"height\":240,\"caption\":\"CYCLOS DES AVALOIRS\"},\"image\":{\"@id\":\"https:\\\/\\\/cyclosdesavaloirs.fr\\\/#\\\/schema\\\/logo\\\/image\\\/\"},\"sameAs\":[\"https:\\\/\\\/www.facebook.com\\\/Cyclos-des-Avaloirs-108867535260146\"]}]}<\/script>\n<!-- \/ Yoast SEO plugin. -->","yoast_head_json":{"title":"Pour m\u00e9moire - CYCLOS DES AVALOIRS","robots":{"index":"index","follow":"follow","max-snippet":"max-snippet:-1","max-image-preview":"max-image-preview:large","max-video-preview":"max-video-preview:-1"},"canonical":"https:\/\/cyclosdesavaloirs.fr\/index.php\/pour-memoire\/","og_locale":"en_US","og_type":"article","og_title":"Pour m\u00e9moire - CYCLOS DES AVALOIRS","og_description":"Randonn\u00e9e Alain Savary 2024 Install\u00e9e au c\u0153ur de la Foire-Expo de Pr\u00e9-en-Pail-St-Samson, au plus pr\u00e8s du bus olympique \u201cPays de la Loire\u201d, la 19\u00e8me randonn\u00e9e","og_url":"https:\/\/cyclosdesavaloirs.fr\/index.php\/pour-memoire\/","og_site_name":"CYCLOS DES AVALOIRS","article_publisher":"https:\/\/www.facebook.com\/Cyclos-des-Avaloirs-108867535260146","article_modified_time":"2025-06-03T05:54:01+00:00","og_image":[{"url":"https:\/\/cyclosdesavaloirs.fr\/wp-content\/uploads\/2024\/08\/IMG_4480.jpg","type":"","width":"","height":""}],"twitter_card":"summary_large_image","twitter_misc":{"Est. reading time":"10 minutes"},"schema":{"@context":"https:\/\/schema.org","@graph":[{"@type":"WebPage","@id":"https:\/\/cyclosdesavaloirs.fr\/index.php\/pour-memoire\/","url":"https:\/\/cyclosdesavaloirs.fr\/index.php\/pour-memoire\/","name":"Pour m\u00e9moire - CYCLOS DES AVALOIRS","isPartOf":{"@id":"https:\/\/cyclosdesavaloirs.fr\/#website"},"primaryImageOfPage":{"@id":"https:\/\/cyclosdesavaloirs.fr\/index.php\/pour-memoire\/#primaryimage"},"image":{"@id":"https:\/\/cyclosdesavaloirs.fr\/index.php\/pour-memoire\/#primaryimage"},"thumbnailUrl":"https:\/\/cyclosdesavaloirs.fr\/wp-content\/uploads\/2024\/08\/IMG_4480.jpg","datePublished":"2023-07-25T10:19:12+00:00","dateModified":"2025-06-03T05:54:01+00:00","breadcrumb":{"@id":"https:\/\/cyclosdesavaloirs.fr\/index.php\/pour-memoire\/#breadcrumb"},"inLanguage":"en-US","potentialAction":[{"@type":"ReadAction","target":["https:\/\/cyclosdesavaloirs.fr\/index.php\/pour-memoire\/"]}]},{"@type":"ImageObject","inLanguage":"en-US","@id":"https:\/\/cyclosdesavaloirs.fr\/index.php\/pour-memoire\/#primaryimage","url":"https:\/\/cyclosdesavaloirs.fr\/wp-content\/uploads\/2024\/08\/IMG_4480.jpg","contentUrl":"https:\/\/cyclosdesavaloirs.fr\/wp-content\/uploads\/2024\/08\/IMG_4480.jpg","width":640,"height":480},{"@type":"BreadcrumbList","@id":"https:\/\/cyclosdesavaloirs.fr\/index.php\/pour-memoire\/#breadcrumb","itemListElement":[{"@type":"ListItem","position":1,"name":"Accueil","item":"https:\/\/cyclosdesavaloirs.fr\/"},{"@type":"ListItem","position":2,"name":"Pour m\u00e9moire"}]},{"@type":"WebSite","@id":"https:\/\/cyclosdesavaloirs.fr\/#website","url":"https:\/\/cyclosdesavaloirs.fr\/","name":"CYCLOS DES AVALOIRS","description":"A v\u00e9lo, tout est plus beau et \u00e0 plusieurs, c&#039;est encore meilleur !","publisher":{"@id":"https:\/\/cyclosdesavaloirs.fr\/#organization"},"potentialAction":[{"@type":"SearchAction","target":{"@type":"EntryPoint","urlTemplate":"https:\/\/cyclosdesavaloirs.fr\/?s={search_term_string}"},"query-input":{"@type":"PropertyValueSpecification","valueRequired":true,"valueName":"search_term_string"}}],"inLanguage":"en-US"},{"@type":"Organization","@id":"https:\/\/cyclosdesavaloirs.fr\/#organization","name":"CYCLOS DES AVALOIRS","url":"https:\/\/cyclosdesavaloirs.fr\/","logo":{"@type":"ImageObject","inLanguage":"en-US","@id":"https:\/\/cyclosdesavaloirs.fr\/#\/schema\/logo\/image\/","url":"https:\/\/cyclosdesavaloirs.fr\/wp-content\/uploads\/2022\/06\/cropped-cropped-cropped-cropped-LOGO_CYLCOS-1.png","contentUrl":"https:\/\/cyclosdesavaloirs.fr\/wp-content\/uploads\/2022\/06\/cropped-cropped-cropped-cropped-LOGO_CYLCOS-1.png","width":240,"height":240,"caption":"CYCLOS DES AVALOIRS"},"image":{"@id":"https:\/\/cyclosdesavaloirs.fr\/#\/schema\/logo\/image\/"},"sameAs":["https:\/\/www.facebook.com\/Cyclos-des-Avaloirs-108867535260146"]}]}},"_links":{"self":[{"href":"https:\/\/cyclosdesavaloirs.fr\/index.php\/wp-json\/wp\/v2\/pages\/1791","targetHints":{"allow":["GET"]}}],"collection":[{"href":"https:\/\/cyclosdesavaloirs.fr\/index.php\/wp-json\/wp\/v2\/pages"}],"about":[{"href":"https:\/\/cyclosdesavaloirs.fr\/index.php\/wp-json\/wp\/v2\/types\/page"}],"author":[{"embeddable":true,"href":"https:\/\/cyclosdesavaloirs.fr\/index.php\/wp-json\/wp\/v2\/users\/1"}],"replies":[{"embeddable":true,"href":"https:\/\/cyclosdesavaloirs.fr\/index.php\/wp-json\/wp\/v2\/comments?post=1791"}],"version-history":[{"count":5,"href":"https:\/\/cyclosdesavaloirs.fr\/index.php\/wp-json\/wp\/v2\/pages\/1791\/revisions"}],"predecessor-version":[{"id":3992,"href":"https:\/\/cyclosdesavaloirs.fr\/index.php\/wp-json\/wp\/v2\/pages\/1791\/revisions\/3992"}],"wp:attachment":[{"href":"https:\/\/cyclosdesavaloirs.fr\/index.php\/wp-json\/wp\/v2\/media?parent=1791"}],"curies":[{"name":"wp","href":"https:\/\/api.w.org\/{rel}","templated":true}]}}